{"id":6015,"date":"2023-06-28T12:01:33","date_gmt":"2023-06-28T10:01:33","guid":{"rendered":"https:\/\/www.peterfasching.com\/wordpress\/?post_type=product&#038;p=6015"},"modified":"2023-06-28T12:01:35","modified_gmt":"2023-06-28T10:01:35","slug":"workshop-fotografie-im-studio","status":"publish","type":"product","link":"https:\/\/www.peterfasching.com\/wordpress\/produkt\/workshop-fotografie-im-studio\/","title":{"rendered":"Workshop &#8211; Fotografie im Studio"},"content":{"rendered":"<p>Bei diesem Workshop lernst du:<\/p>\n<p>&nbsp;<\/p>\n<ul>\n<li>Wie du dich auf ein solches Shooting vorbereitest<\/li>\n<li>Was du unbedingt ber\u00fccksichtigen bzw. im Vorfeld abkl\u00e4ren solltest<\/li>\n<li>Den richtigen Umgang mit dem Model<\/li>\n<li>Wie du dein Licht setzt und warum du es so setzt<\/li>\n<li>Wie zu dem Bild kommst, das du dir w\u00fcnscht<\/li>\n<\/ul>\n<p>Achtung: Dies ist kein klassischer &#8222;abgespulter&#8220; Workshop sondern extra auf die W\u00fcnsche der Teilnehmer abgestimmt. Aus diesem Grund sind auch maximal 5 Teilnehmer m\u00f6glich. Ich habe selbst viele Workshops besucht und oft war es so, dass ich 90-95% schon wusste und nur wenig Neues h\u00f6rte bzw. ein fertiges Set vorfand wo der Lerneffekt fast Null war &#8211; genau so werden wir es nicht machen.<\/p>\n<p>Es wird einen Allgemeinen Teil mit Beispielen aus der Praxis geben. Der Rest ergibt sich aus dem Wunsch der Teilnehmer. Es handelt sich also um einen aktiven Workshop wo wir gemeinsam dabei helfen, das jeder Teilnehmer das Foto erh\u00e4lt, das er im Kopf hat.<\/p>\n<p>Die finalen Bilder d\u00fcrfen dann selbstverst\u00e4ndlich (nach R\u00fccksprache mit PFP bzw. dem Model) frei verwendet werden.<\/p>\n<p>Eckdaten:<br \/>\nWann:<br \/>\nWo: Studio, Johannes-Gutenberg-Stra\u00dfe 5, 2700 Wiener Neustadt<\/p>\n<p>Mitzubringen:<br \/>\n&#8211; Kamera und Speicherkarte(n)<br \/>\n&#8211; evtl. Zusatzakkus<\/p>\n<p>&nbsp;<\/p>\n<p>&nbsp;<\/p>\n","protected":false},"excerpt":{"rendered":"<p>Bei diesem Workshop lernst du: &nbsp; Wie du dich auf ein solches Shooting vorbereitest Was du unbedingt ber\u00fccksichtigen bzw. im Vorfeld abkl\u00e4ren solltest Den richtigen Umgang mit dem Model Wie du dein Licht setzt und warum du es so setzt Wie zu dem Bild kommst, das du dir w\u00fcnscht Achtung: Dies ist kein klassischer &#8222;abgespulter&#8220; Workshop sondern extra auf die W\u00fcnsche der Teilnehmer abgestimmt. Aus diesem Grund sind auch maximal 5 Teilnehmer m\u00f6glich. Ich habe selbst viele Workshops besucht und oft war es so, dass ich 90-95% schon wusste und nur wenig Neues h\u00f6rte bzw. ein fertiges Set vorfand wo der Lerneffekt fast Null war &#8211; genau so werden wir es nicht machen. Es wird einen Allgemeinen Teil mit Beispielen aus der Praxis geben. Der Rest ergibt sich aus dem Wunsch der Teilnehmer. Es handelt sich also um einen aktiven Workshop wo wir gemeinsam dabei helfen, das jeder Teilnehmer das Foto erh\u00e4lt, das er im Kopf hat. Die finalen Bilder d\u00fcrfen dann selbstverst\u00e4ndlich (nach R\u00fccksprache mit PFP bzw. dem Model) frei verwendet werden. Eckdaten: Wann: Wo: Studio, Johannes-Gutenberg-Stra\u00dfe 5, 2700 Wiener Neustadt Mitzubringen: &#8211; Kamera und Speicherkarte(n) &#8211; evtl. Zusatzakkus &nbsp; &nbsp;<\/p>\n","protected":false},"featured_media":0,"comment_status":"closed","ping_status":"closed","template":"","meta":[],"product_brand":[],"product_cat":[122],"product_tag":[],"class_list":{"0":"post-6015","1":"product","2":"type-product","3":"status-publish","5":"product_cat-unkategorisiert","7":"first","8":"instock","9":"sale","10":"virtual","11":"sold-individually","12":"taxable","13":"purchasable","14":"product-type-simple"},"exclude_global_add_ons":[],"addons":[],"yoast_head":"<!-- This site is optimized with the Yoast SEO plugin v27.1.1 - https:\/\/yoast.com\/product\/yoast-seo-wordpress\/ -->\n<title>Workshop - Fotografie im Studio - Peter Fasching Photography<\/title>\n<meta name=\"robots\" content=\"index, follow, max-snippet:-1, max-image-preview:large, max-video-preview:-1\" \/>\n<link rel=\"canonical\" href=\"https:\/\/www.peterfasching.com\/wordpress\/produkt\/workshop-fotografie-im-studio\/\" \/>\n<meta property=\"og:locale\" content=\"de_DE\" \/>\n<meta property=\"og:type\" content=\"article\" \/>\n<meta property=\"og:title\" content=\"Workshop - Fotografie im Studio - Peter Fasching Photography\" \/>\n<meta property=\"og:description\" content=\"Bei diesem Workshop lernst du: &nbsp; Wie du dich auf ein solches Shooting vorbereitest Was du unbedingt ber\u00fccksichtigen bzw. im Vorfeld abkl\u00e4ren solltest Den richtigen Umgang mit dem Model Wie du dein Licht setzt und warum du es so setzt Wie zu dem Bild kommst, das du dir w\u00fcnscht Achtung: Dies ist kein klassischer &#8222;abgespulter&#8220; Workshop sondern extra auf die W\u00fcnsche der Teilnehmer abgestimmt. Aus diesem Grund sind auch maximal 5 Teilnehmer m\u00f6glich. Ich habe selbst viele Workshops besucht und oft war es so, dass ich 90-95% schon wusste und nur wenig Neues h\u00f6rte bzw. ein fertiges Set vorfand wo der Lerneffekt fast Null war &#8211; genau so werden wir es nicht machen. Es wird einen Allgemeinen Teil mit Beispielen aus der Praxis geben. Der Rest ergibt sich aus dem Wunsch der Teilnehmer. Es handelt sich also um einen aktiven Workshop wo wir gemeinsam dabei helfen, das jeder Teilnehmer das Foto erh\u00e4lt, das er im Kopf hat. Die finalen Bilder d\u00fcrfen dann selbstverst\u00e4ndlich (nach R\u00fccksprache mit PFP bzw. dem Model) frei verwendet werden. Eckdaten: Wann: Wo: Studio, Johannes-Gutenberg-Stra\u00dfe 5, 2700 Wiener Neustadt Mitzubringen: &#8211; Kamera und Speicherkarte(n) &#8211; evtl. Zusatzakkus &nbsp; &nbsp;\" \/>\n<meta property=\"og:url\" content=\"https:\/\/www.peterfasching.com\/wordpress\/produkt\/workshop-fotografie-im-studio\/\" \/>\n<meta property=\"og:site_name\" content=\"Peter Fasching Photography\" \/>\n<meta property=\"article:publisher\" content=\"https:\/\/www.facebook.com\/peterfaschingphotography\/\" \/>\n<meta property=\"article:modified_time\" content=\"2023-06-28T10:01:35+00:00\" \/>\n<meta name=\"twitter:card\" content=\"summary_large_image\" \/>\n<meta name=\"twitter:site\" content=\"@Peter_Fasching\" \/>\n<meta name=\"twitter:label1\" content=\"Gesch\u00e4tzte Lesezeit\" \/>\n\t<meta name=\"twitter:data1\" content=\"2\u00a0Minuten\" \/>\n<script type=\"application\/ld+json\" class=\"yoast-schema-graph\">{\"@context\":\"https:\/\/schema.org\",\"@graph\":[{\"@type\":\"WebPage\",\"@id\":\"https:\/\/www.peterfasching.com\/wordpress\/produkt\/workshop-fotografie-im-studio\/\",\"url\":\"https:\/\/www.peterfasching.com\/wordpress\/produkt\/workshop-fotografie-im-studio\/\",\"name\":\"Workshop - Fotografie im Studio - Peter Fasching Photography\",\"isPartOf\":{\"@id\":\"https:\/\/www.peterfasching.com\/wordpress\/#website\"},\"datePublished\":\"2023-06-28T10:01:33+00:00\",\"dateModified\":\"2023-06-28T10:01:35+00:00\",\"breadcrumb\":{\"@id\":\"https:\/\/www.peterfasching.com\/wordpress\/produkt\/workshop-fotografie-im-studio\/#breadcrumb\"},\"inLanguage\":\"de\",\"potentialAction\":[{\"@type\":\"ReadAction\",\"target\":[\"https:\/\/www.peterfasching.com\/wordpress\/produkt\/workshop-fotografie-im-studio\/\"]}]},{\"@type\":\"BreadcrumbList\",\"@id\":\"https:\/\/www.peterfasching.com\/wordpress\/produkt\/workshop-fotografie-im-studio\/#breadcrumb\",\"itemListElement\":[{\"@type\":\"ListItem\",\"position\":1,\"name\":\"Startseite\",\"item\":\"https:\/\/www.peterfasching.com\/wordpress\/\"},{\"@type\":\"ListItem\",\"position\":2,\"name\":\"Shop\",\"item\":\"https:\/\/www.peterfasching.com\/wordpress\/shop\/\"},{\"@type\":\"ListItem\",\"position\":3,\"name\":\"Workshop &#8211; Fotografie im Studio\"}]},{\"@type\":\"WebSite\",\"@id\":\"https:\/\/www.peterfasching.com\/wordpress\/#website\",\"url\":\"https:\/\/www.peterfasching.com\/wordpress\/\",\"name\":\"Peter Fasching Photography\",\"description\":\"More than photography. We create memories.\",\"publisher\":{\"@id\":\"https:\/\/www.peterfasching.com\/wordpress\/#organization\"},\"potentialAction\":[{\"@type\":\"SearchAction\",\"target\":{\"@type\":\"EntryPoint\",\"urlTemplate\":\"https:\/\/www.peterfasching.com\/wordpress\/?s={search_term_string}\"},\"query-input\":{\"@type\":\"PropertyValueSpecification\",\"valueRequired\":true,\"valueName\":\"search_term_string\"}}],\"inLanguage\":\"de\"},{\"@type\":\"Organization\",\"@id\":\"https:\/\/www.peterfasching.com\/wordpress\/#organization\",\"name\":\"Peter Fasching Photography\",\"url\":\"https:\/\/www.peterfasching.com\/wordpress\/\",\"logo\":{\"@type\":\"ImageObject\",\"inLanguage\":\"de\",\"@id\":\"https:\/\/www.peterfasching.com\/wordpress\/#\/schema\/logo\/image\/\",\"url\":\"https:\/\/www.peterfasching.com\/wordpress\/wp-content\/uploads\/2017\/06\/logo-mit-gesicht-Kopie-Kopie.png\",\"contentUrl\":\"https:\/\/www.peterfasching.com\/wordpress\/wp-content\/uploads\/2017\/06\/logo-mit-gesicht-Kopie-Kopie.png\",\"width\":367,\"height\":367,\"caption\":\"Peter Fasching Photography\"},\"image\":{\"@id\":\"https:\/\/www.peterfasching.com\/wordpress\/#\/schema\/logo\/image\/\"},\"sameAs\":[\"https:\/\/www.facebook.com\/peterfaschingphotography\/\",\"https:\/\/x.com\/Peter_Fasching\",\"https:\/\/www.instagram.com\/peter.fasching_photography\/\",\"https:\/\/www.youtube.com\/channel\/UCNoJYd82Kvlk7T1ivttbXrA\"]}]}<\/script>\n<!-- \/ Yoast SEO plugin. -->","yoast_head_json":{"title":"Workshop - Fotografie im Studio - Peter Fasching Photography","robots":{"index":"index","follow":"follow","max-snippet":"max-snippet:-1","max-image-preview":"max-image-preview:large","max-video-preview":"max-video-preview:-1"},"canonical":"https:\/\/www.peterfasching.com\/wordpress\/produkt\/workshop-fotografie-im-studio\/","og_locale":"de_DE","og_type":"article","og_title":"Workshop - Fotografie im Studio - Peter Fasching Photography","og_description":"Bei diesem Workshop lernst du: &nbsp; Wie du dich auf ein solches Shooting vorbereitest Was du unbedingt ber\u00fccksichtigen bzw. im Vorfeld abkl\u00e4ren solltest Den richtigen Umgang mit dem Model Wie du dein Licht setzt und warum du es so setzt Wie zu dem Bild kommst, das du dir w\u00fcnscht Achtung: Dies ist kein klassischer &#8222;abgespulter&#8220; Workshop sondern extra auf die W\u00fcnsche der Teilnehmer abgestimmt. Aus diesem Grund sind auch maximal 5 Teilnehmer m\u00f6glich. Ich habe selbst viele Workshops besucht und oft war es so, dass ich 90-95% schon wusste und nur wenig Neues h\u00f6rte bzw. ein fertiges Set vorfand wo der Lerneffekt fast Null war &#8211; genau so werden wir es nicht machen. Es wird einen Allgemeinen Teil mit Beispielen aus der Praxis geben. Der Rest ergibt sich aus dem Wunsch der Teilnehmer. Es handelt sich also um einen aktiven Workshop wo wir gemeinsam dabei helfen, das jeder Teilnehmer das Foto erh\u00e4lt, das er im Kopf hat. Die finalen Bilder d\u00fcrfen dann selbstverst\u00e4ndlich (nach R\u00fccksprache mit PFP bzw. dem Model) frei verwendet werden. Eckdaten: Wann: Wo: Studio, Johannes-Gutenberg-Stra\u00dfe 5, 2700 Wiener Neustadt Mitzubringen: &#8211; Kamera und Speicherkarte(n) &#8211; evtl. Zusatzakkus &nbsp; &nbsp;","og_url":"https:\/\/www.peterfasching.com\/wordpress\/produkt\/workshop-fotografie-im-studio\/","og_site_name":"Peter Fasching Photography","article_publisher":"https:\/\/www.facebook.com\/peterfaschingphotography\/","article_modified_time":"2023-06-28T10:01:35+00:00","twitter_card":"summary_large_image","twitter_site":"@Peter_Fasching","twitter_misc":{"Gesch\u00e4tzte Lesezeit":"2\u00a0Minuten"},"schema":{"@context":"https:\/\/schema.org","@graph":[{"@type":"WebPage","@id":"https:\/\/www.peterfasching.com\/wordpress\/produkt\/workshop-fotografie-im-studio\/","url":"https:\/\/www.peterfasching.com\/wordpress\/produkt\/workshop-fotografie-im-studio\/","name":"Workshop - Fotografie im Studio - Peter Fasching Photography","isPartOf":{"@id":"https:\/\/www.peterfasching.com\/wordpress\/#website"},"datePublished":"2023-06-28T10:01:33+00:00","dateModified":"2023-06-28T10:01:35+00:00","breadcrumb":{"@id":"https:\/\/www.peterfasching.com\/wordpress\/produkt\/workshop-fotografie-im-studio\/#breadcrumb"},"inLanguage":"de","potentialAction":[{"@type":"ReadAction","target":["https:\/\/www.peterfasching.com\/wordpress\/produkt\/workshop-fotografie-im-studio\/"]}]},{"@type":"BreadcrumbList","@id":"https:\/\/www.peterfasching.com\/wordpress\/produkt\/workshop-fotografie-im-studio\/#breadcrumb","itemListElement":[{"@type":"ListItem","position":1,"name":"Startseite","item":"https:\/\/www.peterfasching.com\/wordpress\/"},{"@type":"ListItem","position":2,"name":"Shop","item":"https:\/\/www.peterfasching.com\/wordpress\/shop\/"},{"@type":"ListItem","position":3,"name":"Workshop &#8211; Fotografie im Studio"}]},{"@type":"WebSite","@id":"https:\/\/www.peterfasching.com\/wordpress\/#website","url":"https:\/\/www.peterfasching.com\/wordpress\/","name":"Peter Fasching Photography","description":"More than photography. We create memories.","publisher":{"@id":"https:\/\/www.peterfasching.com\/wordpress\/#organization"},"potentialAction":[{"@type":"SearchAction","target":{"@type":"EntryPoint","urlTemplate":"https:\/\/www.peterfasching.com\/wordpress\/?s={search_term_string}"},"query-input":{"@type":"PropertyValueSpecification","valueRequired":true,"valueName":"search_term_string"}}],"inLanguage":"de"},{"@type":"Organization","@id":"https:\/\/www.peterfasching.com\/wordpress\/#organization","name":"Peter Fasching Photography","url":"https:\/\/www.peterfasching.com\/wordpress\/","logo":{"@type":"ImageObject","inLanguage":"de","@id":"https:\/\/www.peterfasching.com\/wordpress\/#\/schema\/logo\/image\/","url":"https:\/\/www.peterfasching.com\/wordpress\/wp-content\/uploads\/2017\/06\/logo-mit-gesicht-Kopie-Kopie.png","contentUrl":"https:\/\/www.peterfasching.com\/wordpress\/wp-content\/uploads\/2017\/06\/logo-mit-gesicht-Kopie-Kopie.png","width":367,"height":367,"caption":"Peter Fasching Photography"},"image":{"@id":"https:\/\/www.peterfasching.com\/wordpress\/#\/schema\/logo\/image\/"},"sameAs":["https:\/\/www.facebook.com\/peterfaschingphotography\/","https:\/\/x.com\/Peter_Fasching","https:\/\/www.instagram.com\/peter.fasching_photography\/","https:\/\/www.youtube.com\/channel\/UCNoJYd82Kvlk7T1ivttbXrA"]}]}},"_links":{"self":[{"href":"https:\/\/www.peterfasching.com\/wordpress\/wp-json\/wp\/v2\/product\/6015","targetHints":{"allow":["GET"]}}],"collection":[{"href":"https:\/\/www.peterfasching.com\/wordpress\/wp-json\/wp\/v2\/product"}],"about":[{"href":"https:\/\/www.peterfasching.com\/wordpress\/wp-json\/wp\/v2\/types\/product"}],"replies":[{"embeddable":true,"href":"https:\/\/www.peterfasching.com\/wordpress\/wp-json\/wp\/v2\/comments?post=6015"}],"wp:attachment":[{"href":"https:\/\/www.peterfasching.com\/wordpress\/wp-json\/wp\/v2\/media?parent=6015"}],"wp:term":[{"taxonomy":"product_brand","embeddable":true,"href":"https:\/\/www.peterfasching.com\/wordpress\/wp-json\/wp\/v2\/product_brand?post=6015"},{"taxonomy":"product_cat","embeddable":true,"href":"https:\/\/www.peterfasching.com\/wordpress\/wp-json\/wp\/v2\/product_cat?post=6015"},{"taxonomy":"product_tag","embeddable":true,"href":"https:\/\/www.peterfasching.com\/wordpress\/wp-json\/wp\/v2\/product_tag?post=6015"}],"curies":[{"name":"wp","href":"https:\/\/api.w.org\/{rel}","templated":true}]}}