{"id":2226,"date":"2017-09-08T13:02:03","date_gmt":"2017-09-08T11:02:03","guid":{"rendered":"http:\/\/www.peterfasching.com\/wordpress\/?page_id=2226"},"modified":"2018-09-16T18:03:14","modified_gmt":"2018-09-16T16:03:14","slug":"referenzen","status":"publish","type":"page","link":"https:\/\/www.peterfasching.com\/wordpress\/referenzen\/","title":{"rendered":"Referenzen"},"content":{"rendered":"<p>Hier eine \u00dcbersicht meiner Referenzen. Weiter unten gibt es weitere Details.<\/p>\n<p><strong>Princess for one Day 2015\/2016:<\/strong> Leitung des Foto-Teams, Datenverwaltung, Retusche und Druck von insgesamt ca. 10.000 Fotos.<\/p>\n<p><strong>Workshop mit Guido Karp in Los Angeles 2016:<\/strong> Einmal als Assistent von Guido Karp und einmal als Aktiver Teilnehmer.<\/p>\n<p><strong>Workshop mit David Mecey Germany 2016:<\/strong> Ebenfalls abwechselnd als Assistent und Teilnehmer bei US Playboy-Fotograf David Mecey.<\/p>\n<p><strong>Workshop Cista Provo 2017<\/strong>\u00a0&#8211; <strong>Kroatien<\/strong>: Als Kursleiter mit einem Team, bestehend aus Assistenten, MakeUpArtisten und Models.<\/p>\n<p><strong>Fotograf der Woche WKO 08\/2017<\/strong>: Als Fotograf der Woche vorgestellt<\/p>\n<p>&nbsp;<\/p>\n<p><a href=\"https:\/\/princess-for-one-day.com\" target=\"_blank\" rel=\"noopener\"><strong>Princess for one Day<\/strong><\/a><br \/>\nBeim erfolgreichsten und gr\u00f6\u00dften Vorher-Nachher Event der Welt mit Starfotograf Guido Karp, war und ist es meine Aufgabe, das Fototeam zu leiten. Neben der Verwandlung durch unsere MakeUp Artisten und dem Fotoevent selbst, werden hinter der &#8222;B\u00fchne&#8220; die Fotos mit diversen Bearbeitungsprogrammen weiter verfeinert, Farbkorrigiert und gedruckt. Der Tag beinhaltet mehrere sogenannte Workshops, wo bis zu 25 Kunden eine Verwandlung erfahren. Die dadurch (bis zu 50) entstehenden Bilder m\u00fcssen innerhalb einer Stunde optimiert, gedruckt und auf ein personalisiertes Speichermedium f\u00fcr den Kunden fertiggestellt sein. Alleine w\u00e4hrend unserer letzten Tour haben wir so ca. 10.000 (in Worten: zehntausend) Bilder gefertigt. Dieses &#8222;training&#8220; bietet im Fototeam einen enormen Schub an Erfahrung bei der Behandlung und Bearbeitung von Portraits.<\/p>\n<p>&nbsp;<\/p>\n<p><strong>Workshop in Los Angeles<\/strong><br \/>\nAufgrund der guten Zusammenarbeit w\u00e4hrend unserer Tour, war ich als Assistent und auch als aktiver Teilnehmer bei Guido Karp&#8217;s Los Angeles Workshop 2016. Abgesehen von Wahnsinns-Bildern, die ohne jene Locations nicht umgesetzt h\u00e4tten werden k\u00f6nnen, konnte ich auf beiden Seiten viel lernen: Auf der einen Seite &#8211; als Teilnehmer &#8211; konnte ich von internationalen Gr\u00f6\u00dfen der Fotografenszene wie <a href=\"https:\/\/de.wikipedia.org\/wiki\/Guido_Karp\" target=\"_blank\" rel=\"noopener\">Guido Karp<\/a> (Starfotograf von Bon Jovi bis Rammstein), <a href=\"https:\/\/www.davidmecey.com\" target=\"_blank\" rel=\"noopener\">David Mecey<\/a> (\u00fcber 20 Jahre Playboy-Fotograf), <a href=\"https:\/\/stevethornton.com\" target=\"_blank\" rel=\"noopener\">Steve Thornton<\/a> (Fashion) oder Gerd Ludwig (National Geographic) wahnsinnig viel lernen.<br \/>\nAuch wenn jeder Fotograf seine eigenen Methoden hat, kann man sich \u00fcberall was mitnehmen. Einige Beispiele:<br \/>\nDavid ist &#8222;Mister Light&#8220;. David kreiert Szenen und Stimmungen mit Blitzen, die man sich kaum vorstellen kann. Ob 2-3 St\u00fcck oder ein paar Dutzend. David verwendet auch gerne einen Belichtungsmesser, wogegen Guido den &#8222;Guidometer&#8220; nutzt. Durch seine enorme Erfahrung bestimmt er mit dem Auge die richtigen Einstellungen der Kamera. Steve hat ein paar Grundregeln, wie zB &#8222;Ein Bild!&#8220;. Soll heissen, ein Bild machen, Helligkeitswerte und Histogramm beachten und erst dann weiter.<br \/>\nAbgesehen von Wissensgewinn als Teilnehmer, konnte ich auch als Assistent hautnah erleben, was es an Vorbereitung und Umsetzung f\u00fcr so ein Vorhaben braucht. Von der Planung der Hotels, der Mietwagen, bis zur Verpflegung der Teilnehmer und Archivierung der Daten.<\/p>\n<p>&nbsp;<\/p>\n<p><strong>Workshop mit David Mecey in Deutschland<\/strong><br \/>\nDavid und Guido sind langj\u00e4hrige, gute Freunde. Da liegt es nah, dass sich die beiden auch gegenseitig gerne Unterst\u00fctzung und immer wieder Teil des Workshops des jeweils anderen sind. 2016 machte David seinen Workshop in Deutschland, wo ich wieder abwechselnd als Assistent und als Teilnehmer dabei sein durfte. In alten Hallen, Burgen, &#8230; lernten wir wieder viel Neues vom &#8222;Meister des Lichts&#8220; und auch hier entstand eines meiner <a href=\"https:\/\/www.peterfasching.com\/wordpress\/wp-content\/uploads\/2016\/07\/1000123-160607-0058a.jpg\" target=\"_blank\" rel=\"noopener\">Lieblingsbilder<\/a>.<\/p>\n<p>&nbsp;<\/p>\n<p><strong>Workshop Cista Provo 2017<\/strong><br \/>\nDas war unsere erste eigens umgesetzte Workshopwoche. Aufgrund meiner Erfahrungen mit Guido Karp und David Mecey wollte ich es nun wissen und wir stellten in k\u00fcrzester Zeit ein Team auf die Beine, trafen alle Vorkehrungen und es ging los nach Cista Provo in Kroatien. Unter anderem war es mein Ziel, die Dinge zu finden, die ich bei der Planung \u00fcbersehen hatte. Im Gro\u00dfen und Ganzen Leif alles glatt: eines der wichtigsten Learnings: Auch Kroatien hat eigene Feiertage, an denen die Shops oder Lebensmittelgesch\u00e4fte geschlossen sind. Hier auch ein <a href=\"https:\/\/www.youtube.com\/watch?v=l-nlBrVlFc8\" target=\"_blank\" rel=\"noopener\">Video<\/a> unserer Fotowoche.<br \/>\nAkutelle Fotoreisen werden <a href=\"https:\/\/www.peterfasching.com\/wordpress\/fotoreisen\/\" target=\"_blank\" rel=\"noopener\">hier<\/a> ver\u00f6ffentlicht.<\/p>\n<p>&nbsp;<\/p>\n<p><strong>Fotograf der Woche<\/strong><br \/>\nIm August 2017 wurde ich in der Zeitung der Wirtschaftskammer als Fotograf der Woche vorgestellt, was mich nat\u00fcrlich sehr freut.<\/p>\n<p><img loading=\"lazy\" decoding=\"async\" class=\"aligncenter size-full wp-image-2232\" src=\"https:\/\/www.peterfasching.com\/wordpress\/wp-content\/uploads\/2017\/09\/20901745_1804664669550905_1565761820432273440_o.png\" alt=\"\" width=\"1606\" height=\"1088\" srcset=\"https:\/\/www.peterfasching.com\/wordpress\/wp-content\/uploads\/2017\/09\/20901745_1804664669550905_1565761820432273440_o.png 1606w, https:\/\/www.peterfasching.com\/wordpress\/wp-content\/uploads\/2017\/09\/20901745_1804664669550905_1565761820432273440_o-600x406.png 600w, https:\/\/www.peterfasching.com\/wordpress\/wp-content\/uploads\/2017\/09\/20901745_1804664669550905_1565761820432273440_o-300x203.png 300w, https:\/\/www.peterfasching.com\/wordpress\/wp-content\/uploads\/2017\/09\/20901745_1804664669550905_1565761820432273440_o-768x520.png 768w, https:\/\/www.peterfasching.com\/wordpress\/wp-content\/uploads\/2017\/09\/20901745_1804664669550905_1565761820432273440_o-1024x694.png 1024w\" sizes=\"auto, (max-width: 1606px) 100vw, 1606px\" \/><\/p>\n","protected":false},"excerpt":{"rendered":"<p>Hier eine \u00dcbersicht meiner Referenzen. Weiter unten gibt es weitere Details. Princess for one Day 2015\/2016: Leitung des Foto-Teams, Datenverwaltung, Retusche und Druck von insgesamt ca. 10.000 Fotos. Workshop mit Guido Karp in Los Angeles 2016: Einmal als Assistent von Guido Karp und einmal als Aktiver Teilnehmer. Workshop mit David Mecey Germany 2016: Ebenfalls abwechselnd als Assistent und Teilnehmer bei US Playboy-Fotograf David Mecey. Workshop Cista Provo 2017\u00a0&#8211; Kroatien: Als Kursleiter mit einem Team, bestehend aus Assistenten, MakeUpArtisten und Models. Fotograf der Woche WKO 08\/2017: Als Fotograf der Woche vorgestellt &nbsp; Princess for one Day Beim erfolgreichsten und gr\u00f6\u00dften Vorher-Nachher Event der Welt mit Starfotograf Guido Karp, war und ist es meine Aufgabe, das Fototeam zu leiten. Neben der Verwandlung durch unsere MakeUp Artisten und dem Fotoevent selbst, werden hinter der &#8222;B\u00fchne&#8220; die Fotos mit diversen Bearbeitungsprogrammen weiter verfeinert, Farbkorrigiert und gedruckt. Der Tag beinhaltet mehrere sogenannte Workshops, wo bis zu 25 Kunden eine Verwandlung erfahren. Die dadurch (bis zu 50) entstehenden Bilder m\u00fcssen innerhalb einer Stunde optimiert, gedruckt und auf ein personalisiertes Speichermedium f\u00fcr den Kunden fertiggestellt sein. Alleine w\u00e4hrend unserer letzten Tour haben wir so ca. 10.000 (in Worten: zehntausend) Bilder gefertigt. Dieses &#8222;training&#8220; bietet im Fototeam einen [&hellip;]<\/p>\n","protected":false},"author":1,"featured_media":0,"parent":0,"menu_order":0,"comment_status":"closed","ping_status":"closed","template":"","meta":{"footnotes":""},"class_list":["post-2226","page","type-page","status-publish","hentry"],"yoast_head":"<!-- This site is optimized with the Yoast SEO plugin v27.1.1 - https:\/\/yoast.com\/product\/yoast-seo-wordpress\/ -->\n<title>Referenzen - Peter Fasching Photography<\/title>\n<meta name=\"description\" content=\"Peter Fasching photography, Fotografie, Akt, Fotograf, Portrait, Fotoshooting, Shooting, people, photographer, photograph, photography, fine art nude, portrait, photoshooting, shooting\" \/>\n<meta name=\"robots\" content=\"index, follow, max-snippet:-1, max-image-preview:large, max-video-preview:-1\" \/>\n<link rel=\"canonical\" href=\"https:\/\/www.peterfasching.com\/wordpress\/referenzen\/\" \/>\n<meta property=\"og:locale\" content=\"de_DE\" \/>\n<meta property=\"og:type\" content=\"article\" \/>\n<meta property=\"og:title\" content=\"Referenzen - Peter Fasching Photography\" \/>\n<meta property=\"og:description\" content=\"Peter Fasching photography, Fotografie, Akt, Fotograf, Portrait, Fotoshooting, Shooting, people, photographer, photograph, photography, fine art nude, portrait, photoshooting, shooting\" \/>\n<meta property=\"og:url\" content=\"https:\/\/www.peterfasching.com\/wordpress\/referenzen\/\" \/>\n<meta property=\"og:site_name\" content=\"Peter Fasching Photography\" \/>\n<meta property=\"article:publisher\" content=\"https:\/\/www.facebook.com\/peterfaschingphotography\/\" \/>\n<meta property=\"article:modified_time\" content=\"2018-09-16T16:03:14+00:00\" \/>\n<meta property=\"og:image\" content=\"https:\/\/www.peterfasching.com\/wordpress\/wp-content\/uploads\/2017\/09\/20901745_1804664669550905_1565761820432273440_o.png\" \/>\n<meta name=\"twitter:card\" content=\"summary_large_image\" \/>\n<meta name=\"twitter:site\" content=\"@Peter_Fasching\" \/>\n<meta name=\"twitter:label1\" content=\"Gesch\u00e4tzte Lesezeit\" \/>\n\t<meta name=\"twitter:data1\" content=\"3\u00a0Minuten\" \/>\n<script type=\"application\/ld+json\" class=\"yoast-schema-graph\">{\"@context\":\"https:\/\/schema.org\",\"@graph\":[{\"@type\":\"WebPage\",\"@id\":\"https:\/\/www.peterfasching.com\/wordpress\/referenzen\/\",\"url\":\"https:\/\/www.peterfasching.com\/wordpress\/referenzen\/\",\"name\":\"Referenzen - Peter Fasching Photography\",\"isPartOf\":{\"@id\":\"https:\/\/www.peterfasching.com\/wordpress\/#website\"},\"primaryImageOfPage\":{\"@id\":\"https:\/\/www.peterfasching.com\/wordpress\/referenzen\/#primaryimage\"},\"image\":{\"@id\":\"https:\/\/www.peterfasching.com\/wordpress\/referenzen\/#primaryimage\"},\"thumbnailUrl\":\"https:\/\/www.peterfasching.com\/wordpress\/wp-content\/uploads\/2017\/09\/20901745_1804664669550905_1565761820432273440_o.png\",\"datePublished\":\"2017-09-08T11:02:03+00:00\",\"dateModified\":\"2018-09-16T16:03:14+00:00\",\"description\":\"Peter Fasching photography, Fotografie, Akt, Fotograf, Portrait, Fotoshooting, Shooting, people, photographer, photograph, photography, fine art nude, portrait, photoshooting, shooting\",\"breadcrumb\":{\"@id\":\"https:\/\/www.peterfasching.com\/wordpress\/referenzen\/#breadcrumb\"},\"inLanguage\":\"de\",\"potentialAction\":[{\"@type\":\"ReadAction\",\"target\":[\"https:\/\/www.peterfasching.com\/wordpress\/referenzen\/\"]}]},{\"@type\":\"ImageObject\",\"inLanguage\":\"de\",\"@id\":\"https:\/\/www.peterfasching.com\/wordpress\/referenzen\/#primaryimage\",\"url\":\"https:\/\/www.peterfasching.com\/wordpress\/wp-content\/uploads\/2017\/09\/20901745_1804664669550905_1565761820432273440_o.png\",\"contentUrl\":\"https:\/\/www.peterfasching.com\/wordpress\/wp-content\/uploads\/2017\/09\/20901745_1804664669550905_1565761820432273440_o.png\",\"width\":1606,\"height\":1088},{\"@type\":\"BreadcrumbList\",\"@id\":\"https:\/\/www.peterfasching.com\/wordpress\/referenzen\/#breadcrumb\",\"itemListElement\":[{\"@type\":\"ListItem\",\"position\":1,\"name\":\"Startseite\",\"item\":\"https:\/\/www.peterfasching.com\/wordpress\/\"},{\"@type\":\"ListItem\",\"position\":2,\"name\":\"Referenzen\"}]},{\"@type\":\"WebSite\",\"@id\":\"https:\/\/www.peterfasching.com\/wordpress\/#website\",\"url\":\"https:\/\/www.peterfasching.com\/wordpress\/\",\"name\":\"Peter Fasching Photography\",\"description\":\"More than photography. We create memories.\",\"publisher\":{\"@id\":\"https:\/\/www.peterfasching.com\/wordpress\/#organization\"},\"potentialAction\":[{\"@type\":\"SearchAction\",\"target\":{\"@type\":\"EntryPoint\",\"urlTemplate\":\"https:\/\/www.peterfasching.com\/wordpress\/?s={search_term_string}\"},\"query-input\":{\"@type\":\"PropertyValueSpecification\",\"valueRequired\":true,\"valueName\":\"search_term_string\"}}],\"inLanguage\":\"de\"},{\"@type\":\"Organization\",\"@id\":\"https:\/\/www.peterfasching.com\/wordpress\/#organization\",\"name\":\"Peter Fasching Photography\",\"url\":\"https:\/\/www.peterfasching.com\/wordpress\/\",\"logo\":{\"@type\":\"ImageObject\",\"inLanguage\":\"de\",\"@id\":\"https:\/\/www.peterfasching.com\/wordpress\/#\/schema\/logo\/image\/\",\"url\":\"https:\/\/www.peterfasching.com\/wordpress\/wp-content\/uploads\/2017\/06\/logo-mit-gesicht-Kopie-Kopie.png\",\"contentUrl\":\"https:\/\/www.peterfasching.com\/wordpress\/wp-content\/uploads\/2017\/06\/logo-mit-gesicht-Kopie-Kopie.png\",\"width\":367,\"height\":367,\"caption\":\"Peter Fasching Photography\"},\"image\":{\"@id\":\"https:\/\/www.peterfasching.com\/wordpress\/#\/schema\/logo\/image\/\"},\"sameAs\":[\"https:\/\/www.facebook.com\/peterfaschingphotography\/\",\"https:\/\/x.com\/Peter_Fasching\",\"https:\/\/www.instagram.com\/peter.fasching_photography\/\",\"https:\/\/www.youtube.com\/channel\/UCNoJYd82Kvlk7T1ivttbXrA\"]}]}<\/script>\n<!-- \/ Yoast SEO plugin. -->","yoast_head_json":{"title":"Referenzen - Peter Fasching Photography","description":"Peter Fasching photography, Fotografie, Akt, Fotograf, Portrait, Fotoshooting, Shooting, people, photographer, photograph, photography, fine art nude, portrait, photoshooting, shooting","robots":{"index":"index","follow":"follow","max-snippet":"max-snippet:-1","max-image-preview":"max-image-preview:large","max-video-preview":"max-video-preview:-1"},"canonical":"https:\/\/www.peterfasching.com\/wordpress\/referenzen\/","og_locale":"de_DE","og_type":"article","og_title":"Referenzen - Peter Fasching Photography","og_description":"Peter Fasching photography, Fotografie, Akt, Fotograf, Portrait, Fotoshooting, Shooting, people, photographer, photograph, photography, fine art nude, portrait, photoshooting, shooting","og_url":"https:\/\/www.peterfasching.com\/wordpress\/referenzen\/","og_site_name":"Peter Fasching Photography","article_publisher":"https:\/\/www.facebook.com\/peterfaschingphotography\/","article_modified_time":"2018-09-16T16:03:14+00:00","og_image":[{"url":"https:\/\/www.peterfasching.com\/wordpress\/wp-content\/uploads\/2017\/09\/20901745_1804664669550905_1565761820432273440_o.png","type":"","width":"","height":""}],"twitter_card":"summary_large_image","twitter_site":"@Peter_Fasching","twitter_misc":{"Gesch\u00e4tzte Lesezeit":"3\u00a0Minuten"},"schema":{"@context":"https:\/\/schema.org","@graph":[{"@type":"WebPage","@id":"https:\/\/www.peterfasching.com\/wordpress\/referenzen\/","url":"https:\/\/www.peterfasching.com\/wordpress\/referenzen\/","name":"Referenzen - Peter Fasching Photography","isPartOf":{"@id":"https:\/\/www.peterfasching.com\/wordpress\/#website"},"primaryImageOfPage":{"@id":"https:\/\/www.peterfasching.com\/wordpress\/referenzen\/#primaryimage"},"image":{"@id":"https:\/\/www.peterfasching.com\/wordpress\/referenzen\/#primaryimage"},"thumbnailUrl":"https:\/\/www.peterfasching.com\/wordpress\/wp-content\/uploads\/2017\/09\/20901745_1804664669550905_1565761820432273440_o.png","datePublished":"2017-09-08T11:02:03+00:00","dateModified":"2018-09-16T16:03:14+00:00","description":"Peter Fasching photography, Fotografie, Akt, Fotograf, Portrait, Fotoshooting, Shooting, people, photographer, photograph, photography, fine art nude, portrait, photoshooting, shooting","breadcrumb":{"@id":"https:\/\/www.peterfasching.com\/wordpress\/referenzen\/#breadcrumb"},"inLanguage":"de","potentialAction":[{"@type":"ReadAction","target":["https:\/\/www.peterfasching.com\/wordpress\/referenzen\/"]}]},{"@type":"ImageObject","inLanguage":"de","@id":"https:\/\/www.peterfasching.com\/wordpress\/referenzen\/#primaryimage","url":"https:\/\/www.peterfasching.com\/wordpress\/wp-content\/uploads\/2017\/09\/20901745_1804664669550905_1565761820432273440_o.png","contentUrl":"https:\/\/www.peterfasching.com\/wordpress\/wp-content\/uploads\/2017\/09\/20901745_1804664669550905_1565761820432273440_o.png","width":1606,"height":1088},{"@type":"BreadcrumbList","@id":"https:\/\/www.peterfasching.com\/wordpress\/referenzen\/#breadcrumb","itemListElement":[{"@type":"ListItem","position":1,"name":"Startseite","item":"https:\/\/www.peterfasching.com\/wordpress\/"},{"@type":"ListItem","position":2,"name":"Referenzen"}]},{"@type":"WebSite","@id":"https:\/\/www.peterfasching.com\/wordpress\/#website","url":"https:\/\/www.peterfasching.com\/wordpress\/","name":"Peter Fasching Photography","description":"More than photography. We create memories.","publisher":{"@id":"https:\/\/www.peterfasching.com\/wordpress\/#organization"},"potentialAction":[{"@type":"SearchAction","target":{"@type":"EntryPoint","urlTemplate":"https:\/\/www.peterfasching.com\/wordpress\/?s={search_term_string}"},"query-input":{"@type":"PropertyValueSpecification","valueRequired":true,"valueName":"search_term_string"}}],"inLanguage":"de"},{"@type":"Organization","@id":"https:\/\/www.peterfasching.com\/wordpress\/#organization","name":"Peter Fasching Photography","url":"https:\/\/www.peterfasching.com\/wordpress\/","logo":{"@type":"ImageObject","inLanguage":"de","@id":"https:\/\/www.peterfasching.com\/wordpress\/#\/schema\/logo\/image\/","url":"https:\/\/www.peterfasching.com\/wordpress\/wp-content\/uploads\/2017\/06\/logo-mit-gesicht-Kopie-Kopie.png","contentUrl":"https:\/\/www.peterfasching.com\/wordpress\/wp-content\/uploads\/2017\/06\/logo-mit-gesicht-Kopie-Kopie.png","width":367,"height":367,"caption":"Peter Fasching Photography"},"image":{"@id":"https:\/\/www.peterfasching.com\/wordpress\/#\/schema\/logo\/image\/"},"sameAs":["https:\/\/www.facebook.com\/peterfaschingphotography\/","https:\/\/x.com\/Peter_Fasching","https:\/\/www.instagram.com\/peter.fasching_photography\/","https:\/\/www.youtube.com\/channel\/UCNoJYd82Kvlk7T1ivttbXrA"]}]}},"_links":{"self":[{"href":"https:\/\/www.peterfasching.com\/wordpress\/wp-json\/wp\/v2\/pages\/2226","targetHints":{"allow":["GET"]}}],"collection":[{"href":"https:\/\/www.peterfasching.com\/wordpress\/wp-json\/wp\/v2\/pages"}],"about":[{"href":"https:\/\/www.peterfasching.com\/wordpress\/wp-json\/wp\/v2\/types\/page"}],"author":[{"embeddable":true,"href":"https:\/\/www.peterfasching.com\/wordpress\/wp-json\/wp\/v2\/users\/1"}],"replies":[{"embeddable":true,"href":"https:\/\/www.peterfasching.com\/wordpress\/wp-json\/wp\/v2\/comments?post=2226"}],"version-history":[{"count":0,"href":"https:\/\/www.peterfasching.com\/wordpress\/wp-json\/wp\/v2\/pages\/2226\/revisions"}],"wp:attachment":[{"href":"https:\/\/www.peterfasching.com\/wordpress\/wp-json\/wp\/v2\/media?parent=2226"}],"curies":[{"name":"wp","href":"https:\/\/api.w.org\/{rel}","templated":true}]}}